{"id":1205,"date":"2023-10-13T14:35:47","date_gmt":"2023-10-13T14:35:47","guid":{"rendered":"https:\/\/gprocourses.org\/a-propos-du-cadre-des-7-emphases-fondamentales\/"},"modified":"2025-06-01T19:55:07","modified_gmt":"2025-06-01T19:55:07","slug":"a-propos-du-cadre-des-7-emphases-fondamentales","status":"publish","type":"page","link":"https:\/\/gprocourses.org\/fr\/a-propos-du-cadre-des-7-emphases-fondamentales\/","title":{"rendered":"\u00c0 propos du cadre des 7 Emphases fondamentales"},"content":{"rendered":"<p>[et_pb_section fb_built=\u00a0\u00bb1&Prime; admin_label=\u00a0\u00bbIntroduction\u00a0\u00bb _builder_version=\u00a0\u00bb4.22.1&Prime; _module_preset=\u00a0\u00bbdefault\u00a0\u00bb background_color=\u00a0\u00bbgcid-f6a3689d-a668-4350-af50-132b2d07b02b\u00a0\u00bb background_image=\u00a0\u00bbhttps:\/\/gprocourses.org\/wp-content\/uploads\/2023\/10\/makeup-studio-47.png\u00a0\u00bb parallax=\u00a0\u00bbon\u00a0\u00bb collapsed=\u00a0\u00bboff\u00a0\u00bb global_colors_info=\u00a0\u00bb{%22gcid-f6a3689d-a668-4350-af50-132b2d07b02b%22:%91%22background_color%22%93}\u00a0\u00bb][et_pb_row _builder_version=\u00a0\u00bb4.20.2&Prime; _module_preset=\u00a0\u00bbdefault\u00a0\u00bb global_colors_info=\u00a0\u00bb{}\u00a0\u00bb][et_pb_column type=\u00a0\u00bb4_4&Prime; _builder_version=\u00a0\u00bb4.19.2&Prime; _module_preset=\u00a0\u00bbdefault\u00a0\u00bb global_colors_info=\u00a0\u00bb{}\u00a0\u00bb][et_pb_text _builder_version=\u00a0\u00bb4.22.1&Prime; _module_preset=\u00a0\u00bbda66cc96-f1c2-468f-8dfd-a0db63267f60&Prime; header_4_font=\u00a0\u00bbVollkorn|700||on|||||\u00a0\u00bb header_4_text_color=\u00a0\u00bb#E09900&Prime; header_4_font_size=\u00a0\u00bb22px\u00a0\u00bb header_4_letter_spacing=\u00a0\u00bb1px\u00a0\u00bb header_4_line_height=\u00a0\u00bb1.5em\u00a0\u00bb custom_margin=\u00a0\u00bb||0px||false|false\u00a0\u00bb global_colors_info=\u00a0\u00bb{}\u00a0\u00bb]<\/p>\n<h4>\u00c0 propos de<\/h4>\n<p>[\/et_pb_text][et_pb_text _builder_version=\u00a0\u00bb4.22.1&Prime; _module_preset=\u00a0\u00bb83f8b3a1-4964-40a4-8258-89cafd12395e\u00a0\u00bb header_font=\u00a0\u00bb||||||||\u00a0\u00bb header_font_size=\u00a0\u00bb80px\u00a0\u00bb header_line_height=\u00a0\u00bb1.2em\u00a0\u00bb header_font_size_tablet=\u00a0\u00bb\u00a0\u00bb header_font_size_phone=\u00a0\u00bb\u00a0\u00bb header_font_size_last_edited=\u00a0\u00bbon|desktop\u00a0\u00bb global_colors_info=\u00a0\u00bb{}\u00a0\u00bb]<\/p>\n<h1>Le cadre des 7 Emphases fondamentales de la GProCommission<\/h1>\n<p>[\/et_pb_text][et_pb_video src=\u00a0\u00bbhttps:\/\/gprocourses.org\/wp-content\/uploads\/2023\/11\/GPro-7-Core-Emphases-2-optimized.mp4&Prime; _builder_version=\u00a0\u00bb4.23.1&Prime; _module_preset=\u00a0\u00bbdefault\u00a0\u00bb global_colors_info=\u00a0\u00bb{}\u00a0\u00bb][\/et_pb_video][\/et_pb_column][\/et_pb_row][et_pb_row column_structure=\u00a0\u00bb1_2,1_2&Prime; _builder_version=\u00a0\u00bb4.22.1&Prime; _module_preset=\u00a0\u00bbdefault\u00a0\u00bb global_colors_info=\u00a0\u00bb{}\u00a0\u00bb][et_pb_column type=\u00a0\u00bb1_2&Prime; _builder_version=\u00a0\u00bb4.22.1&Prime; _module_preset=\u00a0\u00bbdefault\u00a0\u00bb overflow-x=\u00a0\u00bbvisible\u00a0\u00bb overflow-y=\u00a0\u00bbvisible\u00a0\u00bb custom_padding=\u00a0\u00bb30px|30px|30px|30px|true|true\u00a0\u00bb global_colors_info=\u00a0\u00bb{}\u00a0\u00bb][et_pb_text _builder_version=\u00a0\u00bb4.22.1&Prime; _module_preset=\u00a0\u00bbda72ac87-7eb6-42af-9fe3-5c8fe38c13ff\u00a0\u00bb global_colors_info=\u00a0\u00bb{}\u00a0\u00bb]<\/p>\n<h1>Qu&rsquo;est-ce que le cadre des 7 Emphases fondamentales de la GProCommission?<\/h1>\n<p>[\/et_pb_text][et_pb_text _builder_version=\u00a0\u00bb4.22.1&Prime; _module_preset=\u00a0\u00bb25424015-50a2-43b0-96f3-66b5dc6e6059&Prime; header_font_size_tablet=\u00a0\u00bb55px\u00a0\u00bb header_font_size_last_edited=\u00a0\u00bboff|desktop\u00a0\u00bb global_colors_info=\u00a0\u00bb{}\u00a0\u00bb]<\/p>\n<p>Le cadre des 7 Emphases fondamentales de la GProCommission pour la formation pastorale repr\u00e9sente la viabilit\u00e9 minimale de l&rsquo;efficacit\u00e9 pastorale et des domaines de comp\u00e9tence.<\/p>\n<p>Ces emphases ne sont pas des cours mais des domaines d&rsquo;apprentissage qu&rsquo;un leader pastoral doit conna\u00eetre pour \u00eatre efficace.<\/p>\n<p>Les nouveaux leaders pastoraux ainsi que ceux qui n&rsquo;ont pas \u00e9t\u00e9 suffisamment form\u00e9s sont encourag\u00e9s \u00e0 d\u00e9velopper des comp\u00e9tences minist\u00e9rielles autour de ces 7 Emphases fondamentales, \u00e0 savoir :<\/p>\n<p>[\/et_pb_text][et_pb_text _builder_version=\u00a0\u00bb4.22.1&Prime; _module_preset=\u00a0\u00bb25424015-50a2-43b0-96f3-66b5dc6e6059&Prime; global_colors_info=\u00a0\u00bb{}\u00a0\u00bb]<\/p>\n<ul>\n<li>Maturit\u00e9 spirituelle<\/li>\n<li>Connaissance des \u00c9critures<\/li>\n<li>L\u2019essentiel de la th\u00e9ologie<\/li>\n<li>Pr\u00e9dication biblique<\/li>\n<li>Engagement missionnelle<\/li>\n<li>Leadership Pastoral<\/li>\n<li>Discipulat intentionnel<\/li>\n<\/ul>\n<p>[\/et_pb_text][\/et_pb_column][et_pb_column type=\u00a0\u00bb1_2&Prime; _builder_version=\u00a0\u00bb4.19.2&Prime; _module_preset=\u00a0\u00bbdefault\u00a0\u00bb overflow-x=\u00a0\u00bbvisible\u00a0\u00bb overflow-y=\u00a0\u00bbvisible\u00a0\u00bb custom_padding=\u00a0\u00bb30px|30px|30px|30px|true|true\u00a0\u00bb border_radii=\u00a0\u00bbon|500px|500px|500px|500px\u00a0\u00bb border_width_all=\u00a0\u00bb6px\u00a0\u00bb border_color_all=\u00a0\u00bb#EBEBEB\u00a0\u00bb global_colors_info=\u00a0\u00bb{}\u00a0\u00bb][et_pb_image src=\u00a0\u00bbhttps:\/\/gprocourses.org\/wp-content\/uploads\/2023\/10\/7-Core-Emphases-Matrix-1.png\u00a0\u00bb title_text=\u00a0\u00bb7 Matrice des principaux domaines d&#039;activit\u00e9\u00a0\u00bb _builder_version=\u00a0\u00bb4.22.1&Prime; _module_preset=\u00a0\u00bbdefault\u00a0\u00bb custom_margin=\u00a0\u00bb||-3px|||\u00a0\u00bb border_radii=\u00a0\u00bbon|500px|500px|500px|500px\u00a0\u00bb border_width_all=\u00a0\u00bb10px\u00a0\u00bb border_color_all=\u00a0\u00bb#FFFFFF\u00a0\u00bb box_shadow_style=\u00a0\u00bbpreset4&Prime; box_shadow_horizontal=\u00a0\u00bb0px\u00a0\u00bb box_shadow_vertical=\u00a0\u00bb0px\u00a0\u00bb box_shadow_spread=\u00a0\u00bb30px\u00a0\u00bb box_shadow_color=\u00a0\u00bbgcid-f6a3689d-a668-4350-af50-132b2d07b02b\u00a0\u00bb global_colors_info=\u00a0\u00bb{%22gcid-f6a3689d-a668-4350-af50-132b2d07b02b%22:%91%22box_shadow_color%22%93}\u00a0\u00bb][\/et_pb_image][et_pb_image src=\u00a0\u00bbhttps:\/\/gprocourses.org\/wp-content\/uploads\/2023\/10\/earth-africa-solid.png\u00a0\u00bb title_text=\u00a0\u00bbterre-afrique-solide\u00a0\u00bb _builder_version=\u00a0\u00bb4.22.1&Prime; _module_preset=\u00a0\u00bbdefault\u00a0\u00bb transform_translate=\u00a0\u00bb128%|-67px\u00a0\u00bb transform_translate_linked=\u00a0\u00bboff\u00a0\u00bb positioning=\u00a0\u00bbabsolute\u00a0\u00bb z_index=\u00a0\u00bb-100&Prime; width=\u00a0\u00bb55%\u00a0\u00bb filter_opacity=\u00a0\u00bb63%\u00a0\u00bb animation_direction=\u00a0\u00bbbottom\u00a0\u00bb motion_trigger_start=\u00a0\u00bbtop\u00a0\u00bb global_colors_info=\u00a0\u00bb{}\u00a0\u00bb][\/et_pb_image][\/et_pb_column][\/et_pb_row][\/et_pb_section][et_pb_section fb_built=\u00a0\u00bb1&Prime; admin_label=\u00a0\u00bbUse 1&Prime; _builder_version=\u00a0\u00bb4.22.1&Prime; _module_preset=\u00a0\u00bbdefault\u00a0\u00bb background_color=\u00a0\u00bbgcid-d69cdd80-7102-4dfa-b2aa-4f565509d968&Prime; background_image=\u00a0\u00bbhttps:\/\/gprocourses.org\/wp-content\/uploads\/2023\/10\/makeup-studio-44.png\u00a0\u00bb background_size=\u00a0\u00bbcustom\u00a0\u00bb background_image_width=\u00a0\u00bb40%\u00a0\u00bb background_position=\u00a0\u00bbtop_right\u00a0\u00bb background_horizontal_offset=\u00a0\u00bb3vw\u00a0\u00bb background_vertical_offset=\u00a0\u00bb4vw\u00a0\u00bb collapsed=\u00a0\u00bbon\u00a0\u00bb global_colors_info=\u00a0\u00bb{%22gcid-d69cdd80-7102-4dfa-b2aa-4f565509d968%22:%91%22background_color%22%93}\u00a0\u00bb][et_pb_row column_structure=\u00a0\u00bb1_2,1_2&Prime; _builder_version=\u00a0\u00bb4.20.2&Prime; _module_preset=\u00a0\u00bbdefault\u00a0\u00bb global_colors_info=\u00a0\u00bb{}\u00a0\u00bb][et_pb_column type=\u00a0\u00bb1_2&Prime; _builder_version=\u00a0\u00bb4.19.2&Prime; _module_preset=\u00a0\u00bbdefault\u00a0\u00bb global_colors_info=\u00a0\u00bb{}\u00a0\u00bb][et_pb_image src=\u00a0\u00bbhttps:\/\/gprocourses.org\/wp-content\/uploads\/2023\/10\/GPro-Individual-Assessment-Matrix.png\u00a0\u00bb alt=\u00a0\u00bbIl s&#039;agit d&#039;un tableau intitul\u00e9 GProCommission<br \/>\nIndividual<br \/>\nAssessment Matrix. Il explique les quatre niveaux de comp\u00e9tence possibles dans chaque domaine du cadre. Le contenu du tableau est le suivant :<br \/>\nLigne d&#039;en-t\u00eate 1 : SOUS-FORM\u00c9<br \/>\nCellule de contenu 1 : Honn\u00eatement, je n&#039;ai aucune id\u00e9e de ce dont il s&#039;agit dans ce sujet ou cette cat\u00e9gorie. Cellule de contenu 2 : J&#039;ai une vague id\u00e9e des connaissances g\u00e9n\u00e9rales li\u00e9es \u00e0 ce sujet ou \u00e0 cette cat\u00e9gorie. Ligne d&#039;en-t\u00eate 2 : MIEUX FORM\u00c9<br \/>\nCellule de contenu 1 : Je comprends partiellement le sujet ou la cat\u00e9gorie mais je ne l&#039;ai pas appliqu\u00e9 \u00e0 une exp\u00e9rience r\u00e9elle. Cellule de contenu 2 : Je me souviens de quelques id\u00e9es de base et fondamentales du sujet ou de la cat\u00e9gorie et j&#039;ai essay\u00e9 d&#039;en apprendre davantage pour les appliquer. Ligne d&#039;en-t\u00eate 3 : BIEN FORM\u00c9<br \/>\nCellule de contenu 1 : Je comprends bien les principales th\u00e9ories de ce sujet ou de cette cat\u00e9gorie et je les applique syst\u00e9matiquement. Cellule de contenu 2 : Je peux comprendre les distinctions et les nuances entre les diff\u00e9rentes th\u00e9ories et je suis capable de les appliquer, mais je ne suis pas assez s\u00fbr de moi pour les enseigner. Ligne d&#039;en-t\u00eate 4 : PASTOR TRAINER<br \/>\nCellule de contenu 1 : J&#039;ai confiance en moi pour enseigner ce sujet ou cette cat\u00e9gorie \u00e0 d&#039;autres responsables. Cellule de contenu 2 : Je cherche de nouvelles fa\u00e7ons d&#039;appliquer les th\u00e9ories \u00e0 d&#039;autres domaines de la vie et je les mod\u00e9lise syst\u00e9matiquement pour les autres.  <\/p>\n<p>\u00a0\u00bb title_text=\u00a0\u00bbMatrice d&#039;\u00e9valuation individuelle GPro\u00a0\u00bb _builder_version=\u00a0\u00bb4.22.1&Prime; _module_preset=\u00a0\u00bbdefault\u00a0\u00bb border_radii=\u00a0\u00bbon|52px|52px|52px|52px\u00a0\u00bb border_width_all=\u00a0\u00bb10px\u00a0\u00bb border_color_all=\u00a0\u00bb#FFFFFF\u00a0\u00bb box_shadow_style=\u00a0\u00bbpreset3&Prime; global_colors_info=\u00a0\u00bb{}\u00a0\u00bb][\/et_pb_image][et_pb_button button_url=\u00a0\u00bbhttps:\/\/forms.gle\/4P14n1exHPBuFHgi7&Prime; url_new_window=\u00a0\u00bbon\u00a0\u00bb button_text=\u00a0\u00bbEffectuer l&#039;\u00e9valuation\u00a0\u00bb button_alignment=\u00a0\u00bbcenter\u00a0\u00bb _builder_version=\u00a0\u00bb4.27.0&Prime; _module_preset=\u00a0\u00bbdefault\u00a0\u00bb custom_button=\u00a0\u00bbon\u00a0\u00bb button_text_size=\u00a0\u00bb28px\u00a0\u00bb button_text_color=\u00a0\u00bb#FFFFFF\u00a0\u00bb button_bg_color=\u00a0\u00bb#E02B20&Prime; button_border_radius=\u00a0\u00bb16px\u00a0\u00bb button_icon=\u00a0\u00bb&#xf46c;||fa||900&Prime; hover_enabled=\u00a0\u00bb0&Prime; global_colors_info=\u00a0\u00bb{}\u00a0\u00bb sticky_enabled=\u00a0\u00bb0&Prime; button_border_width=\u00a0\u00bb0px\u00a0\u00bb button_bg_enable_color=\u00a0\u00bbon\u00a0\u00bb][\/et_pb_button][\/et_pb_column][et_pb_column type=\u00a0\u00bb1_2&Prime; _builder_version=\u00a0\u00bb4.19.2&Prime; _module_preset=\u00a0\u00bbdefault\u00a0\u00bb global_colors_info=\u00a0\u00bb{}\u00a0\u00bb][et_pb_text _builder_version=\u00a0\u00bb4.22.1&Prime; _module_preset=\u00a0\u00bbda72ac87-7eb6-42af-9fe3-5c8fe38c13ff\u00a0\u00bb global_colors_info=\u00a0\u00bb{}\u00a0\u00bb]<\/p>\n<h2>Maximiser l&rsquo;utilisation du cadre des 7 Emphases fondamentales<\/h2>\n<p>[\/et_pb_text][et_pb_text module_id=\u00a0\u00bbassess\u00a0\u00bb _builder_version=\u00a0\u00bb4.23.3&Prime; _module_preset=\u00a0\u00bb7c281463-71d5-4fdf-9642-7f631f8b042c\u00a0\u00bb header_font=\u00a0\u00bb|600|||||||\u00a0\u00bb header_2_font=\u00a0\u00bb||||on||||\u00a0\u00bb global_colors_info=\u00a0\u00bb{}\u00a0\u00bb]<\/p>\n<h2>1. Le cadre des 7 Emphases fondamentales en tant que micro-curriculum<\/h2>\n<p>[\/et_pb_text][et_pb_text _builder_version=\u00a0\u00bb4.22.1&Prime; _module_preset=\u00a0\u00bb25424015-50a2-43b0-96f3-66b5dc6e6059&Prime; text_font_size=\u00a0\u00bb19px\u00a0\u00bb header_font_size_tablet=\u00a0\u00bb55px\u00a0\u00bb header_font_size_last_edited=\u00a0\u00bboff|desktop\u00a0\u00bb global_colors_info=\u00a0\u00bb{}\u00a0\u00bb]<\/p>\n<p style=\"font-weight: 400;\">Un grand nombre de leaders pastoraux dans le monde manquent de formation formelle et d\u00e9pendent d&rsquo;une \u00e9ducation non formelle et informelle.<\/p>\n<p style=\"font-weight: 400;\">Souvent, ces programmes de formation sont propos\u00e9s sous forme de cours s\u00e9par\u00e9s. Bien que nombre de ces formations soient utiles, elles laissent souvent les leaders pastoraux dans l&rsquo;incertitude quant \u00e0 la suite de leur parcours. <\/p>\n<p style=\"font-weight: 400;\">Le cadre des 7 Emphases fondamentales peut fonctionner comme un micro-curriculum pour les leaders pastoraux autodidactes.<\/p>\n<p style=\"font-weight: 400;\"><strong>Voici comment cela fonctionne :<\/strong> Les leaders pastoraux et les formateurs peuvent utiliser cet outil simple pour d\u00e9terminer leurs comp\u00e9tences dans chacun des 7 emphases en utilisant la <em>matrice d&rsquo;\u00e9valuation individuelle de la GProCommission.<\/em><\/p>\n<div>\n<p class=\"Body\"><b><span lang=\"EN-US\">Chaque pasteur leader<\/span><\/b><br \/><span lang=\"EN-US\">devrait s&rsquo;efforcer d&rsquo;\u00eatre <b>bien form\u00e9<\/b> dans les 7 Emphases fondamentales, tandis que les pasteurs <b>formateurs ou mentors<\/b> devraient s&rsquo;efforcer d&rsquo;avoir le niveau de <b>pasteur formateur<\/b> dans au moins un des 7 Emphases fondamentales. <o:p><\/o:p><\/span> <\/p>\n<\/div>\n<p style=\"font-weight: 400;\"><em><\/em><\/p>\n<p style=\"font-weight: 400;\"><em><\/em><\/p>\n<p>[\/et_pb_text][\/et_pb_column][\/et_pb_row][et_pb_row column_structure=\u00a0\u00bb1_2,1_2&Prime; _builder_version=\u00a0\u00bb4.22.1&Prime; _module_preset=\u00a0\u00bbdefault\u00a0\u00bb global_colors_info=\u00a0\u00bb{}\u00a0\u00bb][et_pb_column type=\u00a0\u00bb1_2&Prime; _builder_version=\u00a0\u00bb4.22.1&Prime; _module_preset=\u00a0\u00bbdefault\u00a0\u00bb global_colors_info=\u00a0\u00bb{}\u00a0\u00bb][et_pb_text _builder_version=\u00a0\u00bb4.22.1&Prime; _module_preset=\u00a0\u00bb25424015-50a2-43b0-96f3-66b5dc6e6059&Prime; custom_margin=\u00a0\u00bb||||false|false\u00a0\u00bb global_colors_info=\u00a0\u00bb{}\u00a0\u00bb]<\/p>\n<p><span lang=\"EN-US\"><span>Une \u00e9valuation en ligne est \u00e9galement disponible en cliquant sur le bouton d&rsquo;auto-\u00e9valuation ci-dessus. Une fois l&rsquo;\u00e9valuation termin\u00e9e, un document contenant les r\u00e9sultats vous sera envoy\u00e9 par e-mail (voir l&rsquo;image \u00e0 droite). <\/span><\/span><\/p>\n<p>En tant que cadre pour un <strong>micro-curriculum<\/strong>, les 7 Emphases fondamentales peuvent \u00e9galement \u00eatre utilis\u00e9es comme outil <strong>pour le d\u00e9veloppement d&rsquo;un curriculum pour la formation non formelle des pasteurs.<\/strong> <\/p>\n<p><strong>Les formateurs et les mentors peuvent utiliser cet outil simple pour d\u00e9velopper un cours de formation de base pour les pasteurs. <\/strong><\/p>\n<p><strong>Par exemple :<\/strong><strong><\/strong><\/p>\n<p><strong>Maturit\u00e9 spirituelle (sujets d&rsquo;apprentissage ou cours possibles)<\/strong><\/p>\n<ul>\n<li>Vie de pri\u00e8re<\/li>\n<li>Adoration<\/li>\n<li>D\u00e9couvrir le fruit de l&rsquo;Esprit<\/li>\n<li>Formation spirituelle ou de caract\u00e8re<\/li>\n<\/ul>\n<p><strong>Connaissance des \u00c9critures ( sujets d&rsquo;apprentissage ou cours possibles)<\/strong><\/p>\n<ul>\n<li>\u00c9tude de l&rsquo;Ancien Testament<\/li>\n<li>\u00c9tude du Nouveau Testament<\/li>\n<li>Proph\u00e8tes majeurs et mineurs<\/li>\n<li>\u00c9vangiles synoptiques<\/li>\n<li>Principales \u00e9p\u00eetres<\/li>\n<li>Lettres pastorales<\/li>\n<li>La vie de l&rsquo;ap\u00f4tre Paul<\/li>\n<\/ul>\n<p style=\"font-weight: 400;\"><strong> <\/strong><\/p>\n<p>[\/et_pb_text][\/et_pb_column][et_pb_column type=\u00a0\u00bb1_2&Prime; _builder_version=\u00a0\u00bb4.22.1&Prime; _module_preset=\u00a0\u00bbdefault\u00a0\u00bb global_colors_info=\u00a0\u00bb{}\u00a0\u00bb][et_pb_image src=\u00a0\u00bbhttps:\/\/gprocourses.org\/wp-content\/uploads\/2023\/10\/7-Core-Emphases-Assessment-Results-1.png\u00a0\u00bb alt=\u00a0\u00bbDeux graphiques de type diagramme en radar montrant des exemples de r\u00e9sultats de l&#039;outil d&#039;auto-\u00e9valuation des 7 Emphases fondamentales. Les graphiques sont divis\u00e9s en 7 tranches, une tranche pour chacun des 7 axes principaux. Plus la tranche du tableau de r\u00e9sultats est grande, plus la personne \u00e9valu\u00e9e est comp\u00e9tente dans le domaine concern\u00e9. Dans le graphique du haut, la plupart des tranches sont petites, ce qui indique que le destinataire du r\u00e9sultat n&#039;en est qu&#039;au d\u00e9but de sa formation dans la plupart des domaines. Dans le graphique du bas, la plupart des tranches ont atteint leur taille maximale ou s&#039;en approchent, ce qui indique que le destinataire du r\u00e9sultat peut \u00eatre pr\u00eat \u00e0 former des pasteurs dans la plupart des r\u00e9gions.    \u00a0\u00bb title_text=\u00a0\u00bb7 R\u00e9sultats de l&#039;\u00e9valuation des domaines d&#039;activit\u00e9 principaux\u00a0\u00bb align=\u00a0\u00bbcenter\u00a0\u00bb _builder_version=\u00a0\u00bb4.22.1&Prime; _module_preset=\u00a0\u00bbdefault\u00a0\u00bb border_radii=\u00a0\u00bbon|52px|52px|52px|52px\u00a0\u00bb border_width_all=\u00a0\u00bb10px\u00a0\u00bb border_color_all=\u00a0\u00bb#FFFFFF\u00a0\u00bb box_shadow_style=\u00a0\u00bbpreset3&Prime; global_colors_info=\u00a0\u00bb{}\u00a0\u00bb][\/et_pb_image][\/et_pb_column][\/et_pb_row][\/et_pb_section][et_pb_section fb_built=\u00a0\u00bb1&Prime; admin_label=\u00a0\u00bbUse 2&Prime; _builder_version=\u00a0\u00bb4.22.1&Prime; _module_preset=\u00a0\u00bbdefault\u00a0\u00bb background_color=\u00a0\u00bbgcid-d69cdd80-7102-4dfa-b2aa-4f565509d968&Prime; background_image=\u00a0\u00bbhttps:\/\/gprocourses.org\/wp-content\/uploads\/2023\/10\/earth-africa-solid.png\u00a0\u00bb background_size=\u00a0\u00bbcustom\u00a0\u00bb background_image_width=\u00a0\u00bb23%\u00a0\u00bb background_position=\u00a0\u00bbtop_left\u00a0\u00bb background_horizontal_offset=\u00a0\u00bb3vw\u00a0\u00bb background_vertical_offset=\u00a0\u00bb4vw\u00a0\u00bb collapsed=\u00a0\u00bbon\u00a0\u00bb global_colors_info=\u00a0\u00bb{%22gcid-d69cdd80-7102-4dfa-b2aa-4f565509d968%22:%91%22background_color%22%93}\u00a0\u00bb][et_pb_row _builder_version=\u00a0\u00bb4.20.2&Prime; _module_preset=\u00a0\u00bbdefault\u00a0\u00bb global_colors_info=\u00a0\u00bb{}\u00a0\u00bb][et_pb_column type=\u00a0\u00bb4_4&Prime; _builder_version=\u00a0\u00bb4.19.2&Prime; _module_preset=\u00a0\u00bbdefault\u00a0\u00bb global_colors_info=\u00a0\u00bb{}\u00a0\u00bb][et_pb_text _builder_version=\u00a0\u00bb4.22.1&Prime; _module_preset=\u00a0\u00bb7c281463-71d5-4fdf-9642-7f631f8b042c\u00a0\u00bb header_font=\u00a0\u00bb|600|||||||\u00a0\u00bb header_2_font=\u00a0\u00bb||||on||||\u00a0\u00bb global_colors_info=\u00a0\u00bb{}\u00a0\u00bb]<\/p>\n<h2>2. Le cadre des 7 Emphases fondamentales comme outil de collaboration<\/h2>\n<p>[\/et_pb_text][et_pb_text _builder_version=\u00a0\u00bb4.22.1&Prime; _module_preset=\u00a0\u00bb25424015-50a2-43b0-96f3-66b5dc6e6059&Prime; text_font_size=\u00a0\u00bb19px\u00a0\u00bb header_font_size_tablet=\u00a0\u00bb55px\u00a0\u00bb header_font_size_last_edited=\u00a0\u00bboff|desktop\u00a0\u00bb global_colors_info=\u00a0\u00bb{}\u00a0\u00bb]<\/p>\n<div>\n<p class=\"Body\"><span lang=\"EN-US\">Le cadre des 7 Emphases fondamentales peut \u00e9galement servir d&rsquo;outil de collaboration et de partenariat entre les initiatives de formation formelles, non formelles et informelles. <o:p><\/o:p><\/span><\/p>\n<\/div>\n<div>\n<p class=\"Body\"><span lang=\"EN-US\"><o:p> <\/o:p><\/span><\/p>\n<\/div>\n<div>\n<p class=\"Body\"><span lang=\"EN-US\">Certaines institutions peuvent proposer des cours de formation qui r\u00e9pondent aux besoins que d&rsquo;autres formateurs ne peuvent pas offrir. <o:p><\/o:p><\/span><\/p>\n<\/div>\n<div><\/div>\n<p style=\"font-weight: 400;\"><em><\/em><\/p>\n<p style=\"font-weight: 400;\"><em><\/em><\/p>\n<p>[\/et_pb_text][et_pb_image src=\u00a0\u00bbhttps:\/\/gprocourses.org\/wp-content\/uploads\/2023\/10\/7-Core-Emphases-Collaboration.png\u00a0\u00bb alt=\u00a0\u00bbDeux graphiques de type diagramme en radar montrant des exemples de r\u00e9sultats de l&#039;outil d&#039;auto-\u00e9valuation des 7 Emphases fondamentales. Les graphiques sont divis\u00e9s en 7 tranches, une tranche pour chacun des 7 axes principaux. Plus la tranche du tableau de r\u00e9sultats est grande, plus la personne \u00e9valu\u00e9e est comp\u00e9tente dans le domaine concern\u00e9. Dans le graphique du haut, la plupart des tranches sont petites, ce qui indique que le destinataire du r\u00e9sultat n&#039;en est qu&#039;au d\u00e9but de sa formation dans la plupart des domaines. Dans le graphique du bas, la plupart des tranches ont atteint leur taille maximale ou s&#039;en approchent, ce qui indique que le destinataire du r\u00e9sultat peut \u00eatre pr\u00eat \u00e0 former des pasteurs dans la plupart des r\u00e9gions.    \u00a0\u00bb title_text=\u00a0\u00bb7 domaines d&#039;activit\u00e9 principaux Collaboration\u00a0\u00bb align=\u00a0\u00bbcenter\u00a0\u00bb _builder_version=\u00a0\u00bb4.22.1&Prime; _module_preset=\u00a0\u00bbdefault\u00a0\u00bb border_radii=\u00a0\u00bbon|52px|52px|52px|52px\u00a0\u00bb border_width_all=\u00a0\u00bb10px\u00a0\u00bb border_color_all=\u00a0\u00bb#FFFFFF\u00a0\u00bb box_shadow_style=\u00a0\u00bbpreset3&Prime; global_colors_info=\u00a0\u00bb{}\u00a0\u00bb][\/et_pb_image][\/et_pb_column][\/et_pb_row][\/et_pb_section][et_pb_section fb_built=\u00a0\u00bb1&Prime; admin_label=\u00a0\u00bbUse 3&Prime; _builder_version=\u00a0\u00bb4.22.1&Prime; _module_preset=\u00a0\u00bbdefault\u00a0\u00bb background_color=\u00a0\u00bbgcid-d69cdd80-7102-4dfa-b2aa-4f565509d968&Prime; background_image=\u00a0\u00bbhttps:\/\/gprocourses.org\/wp-content\/uploads\/2023\/10\/makeup-studio-44.png\u00a0\u00bb background_size=\u00a0\u00bbcustom\u00a0\u00bb background_image_width=\u00a0\u00bb40%\u00a0\u00bb background_position=\u00a0\u00bbtop_right\u00a0\u00bb background_horizontal_offset=\u00a0\u00bb3vw\u00a0\u00bb background_vertical_offset=\u00a0\u00bb4vw\u00a0\u00bb collapsed=\u00a0\u00bbon\u00a0\u00bb global_colors_info=\u00a0\u00bb{%22gcid-d69cdd80-7102-4dfa-b2aa-4f565509d968%22:%91%22background_color%22%93}\u00a0\u00bb][et_pb_row column_structure=\u00a0\u00bb1_2,1_2&Prime; _builder_version=\u00a0\u00bb4.20.2&Prime; _module_preset=\u00a0\u00bbdefault\u00a0\u00bb global_colors_info=\u00a0\u00bb{}\u00a0\u00bb][et_pb_column type=\u00a0\u00bb1_2&Prime; _builder_version=\u00a0\u00bb4.19.2&Prime; _module_preset=\u00a0\u00bbdefault\u00a0\u00bb global_colors_info=\u00a0\u00bb{}\u00a0\u00bb][et_pb_text module_id=\u00a0\u00bbvalidate\u00a0\u00bb _builder_version=\u00a0\u00bb4.23.3&Prime; _module_preset=\u00a0\u00bb7c281463-71d5-4fdf-9642-7f631f8b042c\u00a0\u00bb header_font=\u00a0\u00bb|600|||||||\u00a0\u00bb header_2_font=\u00a0\u00bb||||on||||\u00a0\u00bb global_colors_info=\u00a0\u00bb{}\u00a0\u00bb]<\/p>\n<h2>3. Le cadre des 7 Emphases fondamentales comme outil de micro-validation<\/h2>\n<p>[\/et_pb_text][et_pb_text _builder_version=\u00a0\u00bb4.22.1&Prime; _module_preset=\u00a0\u00bb25424015-50a2-43b0-96f3-66b5dc6e6059&Prime; text_font_size=\u00a0\u00bb19px\u00a0\u00bb header_font_size_tablet=\u00a0\u00bb55px\u00a0\u00bb header_font_size_last_edited=\u00a0\u00bboff|desktop\u00a0\u00bb global_colors_info=\u00a0\u00bb{}\u00a0\u00bb]<\/p>\n<div>\n<p style=\"font-weight: 400;\">Enfin, les <strong>7 Emphases fondamentales<\/strong> peuvent \u00e9galement \u00eatre utilis\u00e9es comme cadre de <em>micro-validation.<\/em><\/p>\n<p style=\"font-weight: 400;\"><strong>Comment cela fonctionne-t-il ?<\/strong><\/p>\n<p style=\"font-weight: 400;\"><strong>Les aspirants leaders pastoraux<\/strong> et ceux qui sont <strong>sous-form\u00e9s<\/strong> peuvent s&rsquo;inscrire en tant qu&rsquo;\u00e9tudiants sur la plateforme GProCourses et s&rsquo;inscrire au cours de validation.<\/p>\n<p style=\"font-weight: 400;\">Les \u00e9tudiants doivent pr\u00e9senter un certificat de formation valide d&rsquo;une institution partenaire reconnu par la GProCommission ou d&rsquo;un formateur pour chaque emphase fondamentale.<\/p>\n<p style=\"font-weight: 400;\">Apr\u00e8s avoir compl\u00e9t\u00e9 les 7 Emphases fondamentales, ils obtiendront un<br \/><strong style=\"font-size: 19px;\">certificat d&rsquo;ach\u00e8vement de la GProCommission<\/strong><br \/><span style=\"font-size: 19px;\">avec un code QR personnalis\u00e9 pour valider son authenticit\u00e9.<\/span><\/p>\n<p style=\"font-weight: 400;\"><span style=\"font-size: 19px;\"><\/span><\/p>\n<\/div>\n<div><\/div>\n<div><\/div>\n<p style=\"font-weight: 400;\">Cliquez sur le bouton ci-dessous pour vous inscrire :<em><\/em><\/p>\n<p style=\"font-weight: 400;\">\n<p style=\"font-weight: 400;\"><em><\/em><\/p>\n<p>[\/et_pb_text][et_pb_button button_url=\u00a0\u00bb@ET-DC@eyJkeW5hbWljIjp0cnVlLCJjb250ZW50IjoicG9zdF9saW5rX3VybF9wYWdlIiwic2V0dGluZ3MiOnsicG9zdF9pZCI6Ijc0OSIsImVuYWJsZV9odG1sIjoib2ZmIn19@\u00a0\u00bb url_new_window=\u00a0\u00bbon\u00a0\u00bb button_text=\u00a0\u00bbExplorer la validation\u00a0\u00bb button_alignment=\u00a0\u00bbcenter\u00a0\u00bb _builder_version=\u00a0\u00bb4.27.0&Prime; _module_preset=\u00a0\u00bbdefault\u00a0\u00bb custom_button=\u00a0\u00bbon\u00a0\u00bb button_text_size=\u00a0\u00bb28px\u00a0\u00bb button_text_color=\u00a0\u00bbgcid-7841c45c-dc59-4aaf-9594-2bace3bb6e9f\u00a0\u00bb button_bg_color=\u00a0\u00bbgcid-2909df6e-f262-4f9b-9d7e-c44004c1be9b\u00a0\u00bb button_border_radius=\u00a0\u00bb16px\u00a0\u00bb button_icon=\u00a0\u00bb&#xf46c;||fa||900&Prime; hover_enabled=\u00a0\u00bb0&Prime; global_colors_info=\u00a0\u00bb{%22gcid-2909df6e-f262-4f9b-9d7e-c44004c1be9b%22:%91%22button_bg_color%22%93,%22gcid-7841c45c-dc59-4aaf-9594-2bace3bb6e9f%22:%91%22button_text_color%22%93}\u00a0\u00bb button_bg_enable_color=\u00a0\u00bbon\u00a0\u00bb button_border_width=\u00a0\u00bb0px\u00a0\u00bb _dynamic_attributes=\u00a0\u00bbbutton_url\u00a0\u00bb sticky_enabled=\u00a0\u00bb0&Prime;][\/et_pb_button][\/et_pb_column][et_pb_column type=\u00a0\u00bb1_2&Prime; _builder_version=\u00a0\u00bb4.19.2&Prime; _module_preset=\u00a0\u00bbdefault\u00a0\u00bb global_colors_info=\u00a0\u00bb{}\u00a0\u00bb][et_pb_image src=\u00a0\u00bbhttps:\/\/gprocourses.org\/wp-content\/uploads\/2023\/10\/Screenshot-Of-certification-course.png\u00a0\u00bb alt=\u00a0\u00bbDeux graphiques de type diagramme en radar montrant des exemples de r\u00e9sultats de l&#039;outil d&#039;auto-\u00e9valuation des 7 Emphases fondamentales. Les graphiques sont divis\u00e9s en 7 tranches, une tranche pour chacun des 7 axes principaux. Plus la tranche du tableau de r\u00e9sultats est grande, plus la personne \u00e9valu\u00e9e est comp\u00e9tente dans le domaine concern\u00e9. Dans le graphique du haut, la plupart des tranches sont petites, ce qui indique que le destinataire du r\u00e9sultat n&#039;en est qu&#039;au d\u00e9but de sa formation dans la plupart des domaines. Dans le graphique du bas, la plupart des tranches ont atteint leur taille maximale ou s&#039;en approchent, ce qui indique que le destinataire du r\u00e9sultat peut \u00eatre pr\u00eat \u00e0 former des pasteurs dans la plupart des r\u00e9gions.    \u00a0\u00bb title_text=\u00a0\u00bbCapture d&#039;\u00e9cran du cours de certification\u00a0\u00bb align=\u00a0\u00bbcenter\u00a0\u00bb _builder_version=\u00a0\u00bb4.22.1&Prime; _module_preset=\u00a0\u00bbdefault\u00a0\u00bb max_width=\u00a0\u00bb80%\u00a0\u00bb border_radii=\u00a0\u00bbon|22px|22px|22px|22px\u00a0\u00bb border_width_all=\u00a0\u00bb10px\u00a0\u00bb border_color_all=\u00a0\u00bbrgba(214,214,214,0.27)\u00a0\u00bb box_shadow_style=\u00a0\u00bbpreset3&Prime; global_colors_info=\u00a0\u00bb{}\u00a0\u00bb][\/et_pb_image][et_pb_text _builder_version=\u00a0\u00bb4.22.1&Prime; _module_preset=\u00a0\u00bb25424015-50a2-43b0-96f3-66b5dc6e6059&Prime; max_width=\u00a0\u00bb80%\u00a0\u00bb module_alignment=\u00a0\u00bbcenter\u00a0\u00bb global_colors_info=\u00a0\u00bb{}\u00a0\u00bb]<\/p>\n<p><strong>Image ci-dessus :<\/strong> Capture d&rsquo;\u00e9cran du cours de validation de la GproCommission o\u00f9 les certificats peuvent \u00eatre t\u00e9l\u00e9charg\u00e9s pour obtenir un <strong>certificat d&rsquo;ach\u00e8vement de la GProCommission.<\/strong><\/p>\n<p>[\/et_pb_text][\/et_pb_column][\/et_pb_row][\/et_pb_section][et_pb_section fb_built=\u00a0\u00bb1&Prime; admin_label=\u00a0\u00bbConclusion\u00a0\u00bb _builder_version=\u00a0\u00bb4.22.1&Prime; _module_preset=\u00a0\u00bbdefault\u00a0\u00bb background_color=\u00a0\u00bbgcid-d69cdd80-7102-4dfa-b2aa-4f565509d968&Prime; background_image=\u00a0\u00bbhttps:\/\/gprocourses.org\/wp-content\/uploads\/2023\/10\/makeup-studio-44.png\u00a0\u00bb parallax=\u00a0\u00bbon\u00a0\u00bb collapsed=\u00a0\u00bbon\u00a0\u00bb global_colors_info=\u00a0\u00bb{%22gcid-d69cdd80-7102-4dfa-b2aa-4f565509d968%22:%91%22background_color%22%93}\u00a0\u00bb][et_pb_row _builder_version=\u00a0\u00bb4.20.2&Prime; _module_preset=\u00a0\u00bbdefault\u00a0\u00bb global_colors_info=\u00a0\u00bb{}\u00a0\u00bb][et_pb_column type=\u00a0\u00bb4_4&Prime; _builder_version=\u00a0\u00bb4.19.2&Prime; _module_preset=\u00a0\u00bbdefault\u00a0\u00bb global_colors_info=\u00a0\u00bb{}\u00a0\u00bb][et_pb_text _builder_version=\u00a0\u00bb4.22.1&Prime; _module_preset=\u00a0\u00bb7c281463-71d5-4fdf-9642-7f631f8b042c\u00a0\u00bb header_font=\u00a0\u00bb|600|||||||\u00a0\u00bb header_2_font=\u00a0\u00bb||||on||||\u00a0\u00bb global_colors_info=\u00a0\u00bb{}\u00a0\u00bb]<\/p>\n<h2>Conclusion<\/h2>\n<p>[\/et_pb_text][et_pb_text _builder_version=\u00a0\u00bb4.22.1&Prime; _module_preset=\u00a0\u00bb25424015-50a2-43b0-96f3-66b5dc6e6059&Prime; text_font_size=\u00a0\u00bb19px\u00a0\u00bb header_font_size_tablet=\u00a0\u00bb55px\u00a0\u00bb header_font_size_last_edited=\u00a0\u00bboff|desktop\u00a0\u00bb global_colors_info=\u00a0\u00bb{}\u00a0\u00bb]<\/p>\n<div>\n<p style=\"font-weight: 400;\"><strong>Les 7 Emphases fondamentales de la GProCommission constituent un cadre con\u00e7u pour<\/strong><br \/><strong style=\"font-size: 19px;\">\u00e9largir le programme d&rsquo;\u00e9tudes, am\u00e9liorer la collaboration et \u00e9tablir la validation.<\/strong><\/p>\n<blockquote>\n<p style=\"font-weight: 400;\">Et ce que tu as entendu de moi en pr\u00e9sence de beaucoup de t\u00e9moins, confie-le \u00e0 des hommes fid\u00e8les, qui soient capables de l&rsquo;enseigner aussi \u00e0 d&rsquo;autres.<\/p>\n<p style=\"font-weight: 400;\"><strong>2 Timoth\u00e9e 2:2<\/strong><\/p>\n<\/blockquote>\n<\/div>\n<p style=\"font-weight: 400;\">\n<p style=\"font-weight: 400;\"><em><\/em><\/p>\n<p>[\/et_pb_text][\/et_pb_column][\/et_pb_row][\/et_pb_section]<\/p>\n","protected":false},"excerpt":{"rendered":"<p>\u00c0 propos deLe cadre des 7 Emphases fondamentales de la GProCommissionQu&rsquo;est-ce que le cadre des 7 Emphases fondamentales de la GProCommission?Le cadre des 7 Emphases fondamentales de la GProCommission pour la formation pastorale repr\u00e9sente la viabilit\u00e9 minimale de l&rsquo;efficacit\u00e9 pastorale et des domaines de comp\u00e9tence. Ces emphases ne sont pas des cours mais des domaines [&hellip;]<\/p>\n","protected":false},"author":1,"featured_media":0,"parent":0,"menu_order":0,"comment_status":"closed","ping_status":"closed","template":"","meta":{"_et_pb_use_builder":"on","_et_pb_old_content":"","_et_gb_content_width":"","footnotes":""},"class_list":["post-1205","page","type-page","status-publish","hentry"],"_links":{"self":[{"href":"https:\/\/gprocourses.org\/fr\/wp-json\/wp\/v2\/pages\/1205","targetHints":{"allow":["GET"]}}],"collection":[{"href":"https:\/\/gprocourses.org\/fr\/wp-json\/wp\/v2\/pages"}],"about":[{"href":"https:\/\/gprocourses.org\/fr\/wp-json\/wp\/v2\/types\/page"}],"author":[{"embeddable":true,"href":"https:\/\/gprocourses.org\/fr\/wp-json\/wp\/v2\/users\/1"}],"replies":[{"embeddable":true,"href":"https:\/\/gprocourses.org\/fr\/wp-json\/wp\/v2\/comments?post=1205"}],"version-history":[{"count":14,"href":"https:\/\/gprocourses.org\/fr\/wp-json\/wp\/v2\/pages\/1205\/revisions"}],"predecessor-version":[{"id":2082,"href":"https:\/\/gprocourses.org\/fr\/wp-json\/wp\/v2\/pages\/1205\/revisions\/2082"}],"wp:attachment":[{"href":"https:\/\/gprocourses.org\/fr\/wp-json\/wp\/v2\/media?parent=1205"}],"curies":[{"name":"wp","href":"https:\/\/api.w.org\/{rel}","templated":true}]}}